{"id":951,"date":"2022-05-05T23:08:33","date_gmt":"2022-05-05T21:08:33","guid":{"rendered":"https:\/\/www.bravanautic.com\/trip\/posta-de-sol-en-veler-platja-daro\/"},"modified":"2025-03-07T09:58:10","modified_gmt":"2025-03-07T08:58:10","slug":"posta-de-sol-en-veler-platja-daro","status":"publish","type":"trip","link":"https:\/\/www.bravanautic.com\/ca\/trip\/posta-de-sol-en-veler-platja-daro\/","title":{"rendered":"Posta de Sol en Veler Platja d&#8217;Aro"},"content":{"rendered":"\n<h2><b>Veler Havana Sunset<\/b><\/h2>\n<h2><span style=\"font-weight: 400;\">Platja d\u2019Aro \u2013 S\u2019Agar\u00f3<\/span><\/h2>\n<p><script type=\"text\/javascript\" id_elemento=\"11798\" tipo_elemento=\"2\" idw=\"2339\" id_idioma=\"0\" w_param=\"getURL\" paramhash=\"9d452bf167d58dfbf4e4dc21f2f75b4e35b2a447\" src=\"https:\/\/www.mrplan.io\/experiencias\/modulos\/TExpReverse\/lib\/TExpReverseInc.php?id_experiencia=11798&#038;idw=2339&#038;paramHash=9d452bf167d58dfbf4e4dc21f2f75b4e35b2a447\"><\/script><\/p>\n","protected":false},"excerpt":{"rendered":"<p>Veler Havana Sunset Platja d\u2019Aro \u2013 S\u2019Agar\u00f3<\/p>\n","protected":false},"author":1,"featured_media":482,"comment_status":"open","ping_status":"closed","template":"","destination":[22],"activities":[174],"trip_types":[96,233,245,246],"difficulty":[],"trip_tag":[],"supplier":[40],"booking-type":[281],"class_list":["post-951","trip","type-trip","status-publish","has-post-thumbnail","hentry","destination-castell-platja-daro-sagaro-ca-costa-brava-centro-ca","activities-velero-ca","trip_types-accesible-ca","trip_types-familias-ca","trip_types-parejas-ca","trip_types-reserva-online-ca","supplier-set-sail","booking-type-reserva-online","latest_post"],"packages_ids":[954],"trip_extras":[],"cut_off_time":{"enabled":false,"duration":0,"duration_unit":"days"},"booked-seats":[],"code":"WTE-951","price":0,"has_sale":false,"sale_price":0,"discount_percent":0,"currency":{"code":"EUR","symbol":"&euro;"},"duration":{"days":1,"nights":0,"duration_unit":"days","duration_type":"days"},"min_pax":"","max_pax":"","discount_value":0,"discount_label":"0% Off","primary_category":298,"available_times":{"type":"default","items":["2021-1-01","2021-2-01","2021-3-01","2021-4-01","2021-5-01","2021-6-01","2021-7-01","2021-8-01","2021-9-01","2021-10-01","2021-11-01","2021-12-01"]},"description":"<p>Vols gaudir de la sortida o posta de sol des d'una embarcaci\u00f3 a vela?<\/p>\n<p>Gaudeix de 2 hores de navegaci\u00f3 a vela pels voltants de Platja d'Aro vivint un gran espectacle. Tot acompanyat d'una beguda i un lleuger pica-pica<\/p>\n<p>Vine amb nosaltres i et portarem navegant amb el nostre veler FURIA 28, ideal per tenir un primer contacte amb la navegaci\u00f3 a vela.<\/p>\n<p>Per als principiants farem una petita introducci\u00f3 a la t\u00e8cnica b\u00e0sica de la navegaci\u00f3 a vela.<\/p>\n<p>A m\u00e9s tens l'opci\u00f3 que el monitor et faci fotos per tenir un record per sempre de l'activitat amb nosaltres<br \/>\nIdeal per compartir amb els amics i la fam\u00edlia.<\/p>","cost_includes":"","cost_excludes":"","itineraries":[{"title":"","content":""}],"faqs":[{"title":"Preus","content":"<p>Sortida \/ Posta de Sol en veler (2 hores) 250 \u20ac<\/p>\n<p>M\u00e0xim 8 persones per sortida<\/p>"},{"title":"El Preu Inclou","content":"<p>\u2022 Tot el material necessari: embarcaci\u00f3, armilla salvavides,<br \/>\n\u2022 Asseguran\u00e7a de RC i accidents<br \/>\n\u2022 Aparcament gratu\u00eft<\/p>"},{"title":"Horaris","content":"De l'1 de maig al 30 de setembre\r\n\r\nSortida de sol: 45 minuts abans de l'alba\r\nPosta de sol: 1 hora 30 minuts abans del vespre"},{"title":"Condicions de Reserva","content":"Percentatge requerit: 50%\r\n1- Per fer efectiva la reserva i assegurar-se que la data que tri\u00efn quedi bloquejada, cal fer el pagament de l\u201950% de l\u2019import total a trav\u00e9s de l\u2019TPV virtual mitjan\u00e7ant targeta de cr\u00e8dit o d\u00e8bit.\r\n2- L\u2019import restant s\u2019haur\u00e0 d\u2019efectuar en el mateix moment de l\u2019activitat, preferiblement en efectiu."},{"title":"Condicions de Cancel\u00b7laci\u00f3","content":"L'anul\u00b7laci\u00f3 de la reserva pot suposar la devoluci\u00f3 de part dels diners pagats, en funci\u00f3 del moment en qu\u00e8 es produeixi:\r\n\r\n-Fins abans d\u2019un mes: devoluci\u00f3 del 95%\r\n- Fins abans de 2 setmanes: devoluci\u00f3 del 50%.\r\n- Durant les darreres dues setmanes: No hi ha devoluci\u00f3.\r\n\r\n- Les cancel\u00b7lacions parcials (cancel\u00b7laci\u00f3 d'alguna de les places contractades) no tindran devoluci\u00f3.\r\n\r\n- El client podr\u00e0 sol\u00b7licitar un canvi de data \/ hora en la seva reserva fins abans de 10 dies de la data de l'excursi\u00f3. El canvi est\u00e0 subjecte a la disponibilitat.\r\n\r\n- De vegades les condicions meteorol\u00f2giques fan impossible efectuar la sortida (aquest fet ser\u00e0 determinat pel responsable). En aquest cas el client pot sol\u00b7licitar canviar l'activitat a una altra data si hagu\u00e9s disponibilitat o demanar la devoluci\u00f3 \u00edntegra de l'import.\r\n\r\n- Tamb\u00e9 \u00e9s possible que el responsable consideri necessari anul\u00b7lar l\u2019activitat just abans de la sortida o durant el desenvolupament de la mateixa (la decisi\u00f3 del monitor, com a professional expert, no est\u00e0 subjecta a discussi\u00f3). En cas d'interrupci\u00f3 de l'activitat s'estudiaran els motius i condicions per tal d'avaluar quin import ha de ser retornat al client.\r\n\r\nSi algun clients est\u00e0 sota els efectes de l\u2019alcohol o altres subst\u00e0ncies que posin en perill el normal desenvolupament de l\u2019activitat no la podr\u00e0 efectuar i no tindr\u00e0 dret a cap tipus de devoluci\u00f3 de l\u2019import.\r\n\r\nSi algun client te alguna malaltia que pot impedir el desenvolupament normal de l\u2019activitat (asma, diabetis, ansietat,...), t\u00e9 l\u2019obligaci\u00f3 d\u2019avisar als responsables del centre i de l\u2019activitat.\r\n\r\nEs imprescindible saber nedar per a realitzar les activitats"}],"group_size":"8 Persones + Patr\u00f3","is_featured":false,"featured_image":{"width":990,"height":490,"file":"2021\/05\/salida-velero3.jpg","sizes":{"medium":{"file":"salida-velero3-300x148.jpg","width":300,"height":148,"mime_type":"image\/jpeg","source_url":"https:\/\/www.bravanautic.com\/wp-content\/uploads\/2021\/05\/salida-velero3-300x148.jpg"},"thumbnail":{"file":"salida-velero3-150x150.jpg","width":150,"height":150,"mime_type":"image\/jpeg","source_url":"https:\/\/www.bravanautic.com\/wp-content\/uploads\/2021\/05\/salida-velero3-150x150.jpg"},"medium_large":{"file":"salida-velero3-768x380.jpg","width":768,"height":380,"mime_type":"image\/jpeg","source_url":"https:\/\/www.bravanautic.com\/wp-content\/uploads\/2021\/05\/salida-velero3-768x380.jpg"},"trip-thumb-size":{"file":"salida-velero3-374x226.jpg","width":374,"height":226,"mime_type":"image\/jpeg","source_url":"https:\/\/www.bravanautic.com\/wp-content\/uploads\/2021\/05\/salida-velero3-374x226.jpg"},"destination-thumb-size":{"file":"salida-velero3-300x275.jpg","width":300,"height":275,"mime_type":"image\/jpeg","source_url":"https:\/\/www.bravanautic.com\/wp-content\/uploads\/2021\/05\/salida-velero3-300x275.jpg"},"destination-thumb-trip-size":{"file":"salida-velero3-410x250.jpg","width":410,"height":250,"mime_type":"image\/jpeg","source_url":"https:\/\/www.bravanautic.com\/wp-content\/uploads\/2021\/05\/salida-velero3-410x250.jpg"},"activities-thumb-size":{"file":"salida-velero3-300x405.jpg","width":300,"height":405,"mime_type":"image\/jpeg","source_url":"https:\/\/www.bravanautic.com\/wp-content\/uploads\/2021\/05\/salida-velero3-300x405.jpg"},"trip-single-size":{"file":"salida-velero3-990x490.jpg","width":990,"height":490,"mime_type":"image\/jpeg","source_url":"https:\/\/www.bravanautic.com\/wp-content\/uploads\/2021\/05\/salida-velero3-990x490.jpg"},"travel-agency-popular":{"file":"salida-velero3-630x490.jpg","width":630,"height":490,"mime_type":"image\/jpeg","source_url":"https:\/\/www.bravanautic.com\/wp-content\/uploads\/2021\/05\/salida-velero3-630x490.jpg"},"travel-agency-popular-small":{"file":"salida-velero3-300x300.jpg","width":300,"height":300,"mime_type":"image\/jpeg","source_url":"https:\/\/www.bravanautic.com\/wp-content\/uploads\/2021\/05\/salida-velero3-300x300.jpg"},"travel-agency-blog":{"file":"salida-velero3-410x250.jpg","width":410,"height":250,"mime_type":"image\/jpeg","source_url":"https:\/\/www.bravanautic.com\/wp-content\/uploads\/2021\/05\/salida-velero3-410x250.jpg"},"travel-agency-related":{"file":"salida-velero3-280x170.jpg","width":280,"height":170,"mime_type":"image\/jpeg","source_url":"https:\/\/www.bravanautic.com\/wp-content\/uploads\/2021\/05\/salida-velero3-280x170.jpg"},"travel-agency-recent":{"file":"salida-velero3-300x170.jpg","width":300,"height":170,"mime_type":"image\/jpeg","source_url":"https:\/\/www.bravanautic.com\/wp-content\/uploads\/2021\/05\/salida-velero3-300x170.jpg"},"travel-agency-team":{"file":"salida-velero3-280x350.jpg","width":280,"height":350,"mime_type":"image\/jpeg","source_url":"https:\/\/www.bravanautic.com\/wp-content\/uploads\/2021\/05\/salida-velero3-280x350.jpg"},"travel-agency-team-full":{"file":"salida-velero3-408x490.jpg","width":408,"height":490,"mime_type":"image\/jpeg","source_url":"https:\/\/www.bravanautic.com\/wp-content\/uploads\/2021\/05\/salida-velero3-408x490.jpg"},"travel-agency-team-detail":{"file":"salida-velero3-300x400.jpg","width":300,"height":400,"mime_type":"image\/jpeg","source_url":"https:\/\/www.bravanautic.com\/wp-content\/uploads\/2021\/05\/salida-velero3-300x400.jpg"},"travel-agency-team-gallery":{"file":"salida-velero3-293x225.jpg","width":293,"height":225,"mime_type":"image\/jpeg","source_url":"https:\/\/www.bravanautic.com\/wp-content\/uploads\/2021\/05\/salida-velero3-293x225.jpg"},"travel-agency-schema":{"file":"salida-velero3-121x60.jpg","width":121,"height":60,"mime_type":"image\/jpeg","source_url":"https:\/\/www.bravanautic.com\/wp-content\/uploads\/2021\/05\/salida-velero3-121x60.jpg"},"full":{"file":"salida-velero3.jpg","width":990,"height":490,"source_url":"https:\/\/www.bravanautic.com\/wp-content\/uploads\/2021\/05\/salida-velero3.jpg"}},"image_meta":{"aperture":"0","credit":"","camera":"","caption":"","created_timestamp":"0","copyright":"","focal_length":"0","iso":"0","shutter_speed":"0","title":"","orientation":"0","keywords":[]}},"_links":{"self":[{"href":"https:\/\/www.bravanautic.com\/ca\/wp-json\/wp\/v2\/trip\/951","targetHints":{"allow":["GET"]}}],"collection":[{"href":"https:\/\/www.bravanautic.com\/ca\/wp-json\/wp\/v2\/trip"}],"about":[{"href":"https:\/\/www.bravanautic.com\/ca\/wp-json\/wp\/v2\/types\/trip"}],"author":[{"embeddable":true,"href":"https:\/\/www.bravanautic.com\/ca\/wp-json\/wp\/v2\/users\/1"}],"replies":[{"embeddable":true,"href":"https:\/\/www.bravanautic.com\/ca\/wp-json\/wp\/v2\/comments?post=951"}],"version-history":[{"count":0,"href":"https:\/\/www.bravanautic.com\/ca\/wp-json\/wp\/v2\/trip\/951\/revisions"}],"wp:featuredmedia":[{"embeddable":true,"href":"https:\/\/www.bravanautic.com\/ca\/wp-json\/wp\/v2\/media\/482"}],"wp:attachment":[{"href":"https:\/\/www.bravanautic.com\/ca\/wp-json\/wp\/v2\/media?parent=951"}],"wp:term":[{"taxonomy":"destination","embeddable":true,"href":"https:\/\/www.bravanautic.com\/ca\/wp-json\/wp\/v2\/destination?post=951"},{"taxonomy":"activities","embeddable":true,"href":"https:\/\/www.bravanautic.com\/ca\/wp-json\/wp\/v2\/activities?post=951"},{"taxonomy":"trip_types","embeddable":true,"href":"https:\/\/www.bravanautic.com\/ca\/wp-json\/wp\/v2\/trip_types?post=951"},{"taxonomy":"difficulty","embeddable":true,"href":"https:\/\/www.bravanautic.com\/ca\/wp-json\/wp\/v2\/difficulty?post=951"},{"taxonomy":"trip_tag","embeddable":true,"href":"https:\/\/www.bravanautic.com\/ca\/wp-json\/wp\/v2\/trip_tag?post=951"},{"taxonomy":"supplier","embeddable":true,"href":"https:\/\/www.bravanautic.com\/ca\/wp-json\/wp\/v2\/supplier?post=951"},{"taxonomy":"booking-type","embeddable":true,"href":"https:\/\/www.bravanautic.com\/ca\/wp-json\/wp\/v2\/booking-type?post=951"}],"curies":[{"name":"wp","href":"https:\/\/api.w.org\/{rel}","templated":true}]}}